{"id":761,"date":"2022-09-01T11:55:33","date_gmt":"2022-09-01T11:55:33","guid":{"rendered":"https:\/\/sandbox.escueladoblajealicante.com\/?post_type=product&#038;p=761"},"modified":"2024-09-19T11:35:54","modified_gmt":"2024-09-19T11:35:54","slug":"curso-doblaje-avanzado-modulo-i-2022-23","status":"publish","type":"product","link":"https:\/\/www.escueladoblajealicante.com\/en\/cursos\/curso-doblaje-avanzado-modulo-i-2022-23\/","title":{"rendered":"Curso Doblaje Avanzado M\u00f3dulo I 2022-23"},"content":{"rendered":"<p>CONTENIDO DEL M\u00d3DULO I<\/p>\n<p><strong>Clases<\/strong>: 11<br \/>\n<strong>Duraci\u00f3n de la clase<\/strong>: 2&#8217;5h<br \/>\n<strong>Horas del m\u00f3dulo<\/strong>: 27\u20195h<br \/>\n<strong>Horario<\/strong>: 12:15-14:45<br \/>\n<strong>Precio<\/strong>: 790\u20ac (Posibilidad de fraccionar el pago en 50% para reserva y 50% antes del 10 de abril)<br \/>\n<strong>Fechas<\/strong>: Del 1 de octubre de 2022 al 10 de diciembre de 2022<\/p>\n<ul>\n<li aria-level=\"1\">Iniciaci\u00f3n a la locuci\u00f3n<\/li>\n<li aria-level=\"1\">Iniciaci\u00f3n al doblaje\n<ul>\n<li aria-level=\"1\">Breve historia del doblaje<\/li>\n<li aria-level=\"1\">C\u00f3mo trabajar en el atril, el take, las marcas y la lectura anticipada.<\/li>\n<\/ul>\n<\/li>\n<li aria-level=\"1\">Pr\u00e1cticas de doblaje de Documentales<\/li>\n<li aria-level=\"1\">Pr\u00e1cticas de doblaje de Animaci\u00f3n<\/li>\n<\/ul>\n<p><strong>Evaluaci\u00f3n<\/strong>: Evaluaci\u00f3n continua, con atenci\u00f3n personalizada a las caracter\u00edsticas de cada alumno.<\/p>\n<p><strong>Materiales<\/strong>: Lecturas y ejercicios pr\u00e1cticos de voz, guiones de documentales, pel\u00edculas de dibujos animados, de diferentes registros y con diferentes grados de complejidad.<\/p>","protected":false},"excerpt":{"rendered":"<p style=\"text-align: justify;\">La Escuela de Doblaje de Alicante presenta su nuevo curso de doblaje 2022-23, con el que se abre una nueva etapa m\u00e1s ambiciosa y emocionante con un nuevo plan de estudios, basado en nuestros 15 a\u00f1os de experiencia, la evoluci\u00f3n del mercado laboral en el sector del doblaje y las oportunidades que se abren con la reapertura en Alicante de la Ciudad de la Luz dentro del mundo art\u00edstico e interpretativo.<\/p>\n<p style=\"text-align: justify;\">El nuevo ciclo formativo de Actor \/ Actriz de la Escuela de Doblaje de Alicante divide la ense\u00f1anza de la profesi\u00f3n de actor o actriz de doblaje en\u00a0<b>dos cursos lectivos<\/b>, el\u00a0<b>T\u00edtulo de Doblaje EDA de Nivel Inicial,\u00a0<\/b>y el\u00a0<b>T\u00edtulo de Doblaje EDA de Nivel Avanzado.<\/b><\/p>\n<p style=\"text-align: justify;\">Cada nivel se plantea en forma de m\u00f3dulos trimestrales que pueden cursarse de forma consecutiva para sacarle el m\u00e1ximo rendimiento o en diferentes momentos\u00a0si las circunstancias no te permiten dedicarle todo el tiempo que te gustar\u00eda.<\/p>\n<p style=\"text-align: justify;\">Estos m\u00f3dulos incluyen asignaturas concretas que enriquecen y completan nuestra formaci\u00f3n de doblaje, desde los fundamentos b\u00e1sicos de la locuci\u00f3n, pasando por la interpretaci\u00f3n y acabando en el trabajo de atril, focalizando en cada momento en lo m\u00e1s necesario para avanzar a buen ritmo y siempre con la atenci\u00f3n personalizada de los actores y actrices de doblaje profesionales en activo que forman parte de nuestro profesorado.<\/p>\n<p style=\"text-align: justify;\">Adem\u00e1s de los 3 m\u00f3dulos dispondremos de otros talleres adicionales que completar\u00e1n la oferta formativa de este primer nivel inicial.<\/p>\n<p style=\"text-align: justify;\">Para la obtenci\u00f3n del\u00a0<b>T\u00edtulo de Doblaje EDA de Nivel Inicial<\/b>\u00a0(de 95 horas) ser\u00e1 necesario:<\/p>\n<ul>\n<li style=\"text-align: justify;\" aria-level=\"1\">Completar satisfactoriamente los 3 m\u00f3dulos de forma consecutiva o aplazada (80 horas)<\/li>\n<li style=\"text-align: justify;\" aria-level=\"1\">Realizar al menos un taller complementario (15 horas) en el plazo de 2 a\u00f1os desde la matriculaci\u00f3n inicial<\/li>\n<li style=\"text-align: justify;\" aria-level=\"1\">Aprobar la evaluaci\u00f3n de fin de curso de los profesores.<\/li>\n<\/ul>","protected":false},"featured_media":764,"comment_status":"open","ping_status":"closed","template":"","meta":{"_acf_changed":false,"inline_featured_image":false},"product_brand":[],"product_cat":[15],"product_tag":[],"class_list":{"0":"post-761","1":"product","2":"type-product","3":"status-publish","4":"has-post-thumbnail","6":"product_cat-doblaje","8":"first","9":"outofstock","10":"sold-individually","11":"taxable","12":"shipping-taxable","13":"purchasable","14":"product-type-variable","15":"has-default-attributes"},"acf":[],"_links":{"self":[{"href":"https:\/\/www.escueladoblajealicante.com\/en\/wp-json\/wp\/v2\/product\/761","targetHints":{"allow":["GET"]}}],"collection":[{"href":"https:\/\/www.escueladoblajealicante.com\/en\/wp-json\/wp\/v2\/product"}],"about":[{"href":"https:\/\/www.escueladoblajealicante.com\/en\/wp-json\/wp\/v2\/types\/product"}],"replies":[{"embeddable":true,"href":"https:\/\/www.escueladoblajealicante.com\/en\/wp-json\/wp\/v2\/comments?post=761"}],"version-history":[{"count":1,"href":"https:\/\/www.escueladoblajealicante.com\/en\/wp-json\/wp\/v2\/product\/761\/revisions"}],"predecessor-version":[{"id":765,"href":"https:\/\/www.escueladoblajealicante.com\/en\/wp-json\/wp\/v2\/product\/761\/revisions\/765"}],"wp:featuredmedia":[{"embeddable":true,"href":"https:\/\/www.escueladoblajealicante.com\/en\/wp-json\/wp\/v2\/media\/764"}],"wp:attachment":[{"href":"https:\/\/www.escueladoblajealicante.com\/en\/wp-json\/wp\/v2\/media?parent=761"}],"wp:term":[{"taxonomy":"product_brand","embeddable":true,"href":"https:\/\/www.escueladoblajealicante.com\/en\/wp-json\/wp\/v2\/product_brand?post=761"},{"taxonomy":"product_cat","embeddable":true,"href":"https:\/\/www.escueladoblajealicante.com\/en\/wp-json\/wp\/v2\/product_cat?post=761"},{"taxonomy":"product_tag","embeddable":true,"href":"https:\/\/www.escueladoblajealicante.com\/en\/wp-json\/wp\/v2\/product_tag?post=761"}],"curies":[{"name":"wp","href":"https:\/\/api.w.org\/{rel}","templated":true}]}}