{"id":722,"date":"2024-02-01T09:49:10","date_gmt":"2024-02-01T09:49:10","guid":{"rendered":"https:\/\/sandbox.escueladoblajealicante.com\/?post_type=product&#038;p=722"},"modified":"2024-06-11T11:45:48","modified_gmt":"2024-06-11T11:45:48","slug":"curso-locucion-inicial-modulo-i-febrero-24","status":"publish","type":"product","link":"https:\/\/www.escueladoblajealicante.com\/en\/cursos\/curso-locucion-inicial-modulo-i-febrero-24\/","title":{"rendered":"Curso Locuci\u00f3n Inicial M\u00f3dulo I Febrero 24"},"content":{"rendered":"<p>CONTENIDO DEL M\u00d3DULO I<\/p>\n<p><strong>Clases<\/strong>: 3<br \/>\n<strong>Duraci\u00f3n de la clase<\/strong>: 5h (con una pausa)<br \/>\n<strong>Horas del m\u00f3dulo<\/strong>: 15h<br \/>\n<strong>Horario<\/strong>: 9:15-14:30<br \/>\n<strong>Precio<\/strong>: 300\u20ac (Posibilidad de fraccionar el pago en 50% para reserva y 50% antes del 4 de marzo)<br \/>\n<strong>Fechas<\/strong>: Del 24 de febrero de 2024 al 9 de marzo de 2024<\/p>\n<ul>\n<li aria-level=\"1\">Iniciaci\u00f3n a la locuci\u00f3n<\/li>\n<li aria-level=\"1\">Locuci\u00f3n Publicitaria<\/li>\n<\/ul>\n<p><strong>Evaluaci\u00f3n<\/strong>: Evaluaci\u00f3n continua, con atenci\u00f3n personalizada a las caracter\u00edsticas de cada alumno.<\/p>\n<p><strong>Materiales<\/strong>: Lecturas y ejercicios pr\u00e1cticos de voz, cu\u00f1as, anuncios\u2026<\/p>","protected":false},"excerpt":{"rendered":"<p style=\"text-align: justify;\">La Escuela de Doblaje de Alicante inicia su nuevo curso de locuci\u00f3n 2024, con el que continuamos con el nuevo plan de estudios, basado en nuestros 15 a\u00f1os de experiencia, la evoluci\u00f3n del mercado laboral en el sector del doblaje y las oportunidades que se abren con la reapertura en Alicante de la Ciudad de la Luz dentro del mundo art\u00edstico e interpretativo.<\/p>\n<p style=\"text-align: justify;\">El nuevo ciclo formativo de locutor de la Escuela de Doblaje de Alicante divide la ense\u00f1anza de la profesi\u00f3n de locutor en\u00a0<b>dos cursos lectivos<\/b>, de los cuales comenzamos ofreciendo el\u00a0<b>T\u00edtulo de Locuci\u00f3n EDA de Nivel Inicial,\u00a0<\/b>y en el curso 2023-24 ofreceremos el\u00a0<b>T\u00edtulo de Locuci\u00f3n EDA de Nivel Avanzado.<\/b><\/p>\n<p style=\"text-align: justify;\">Los cursos se plantean en forma de 3 m\u00f3dulos que pueden cursarse de forma consecutiva para sacarle el m\u00e1ximo rendimiento o en\u00a0diferentes momentos\u00a0si las circunstancias no te permiten dedicarle todo el tiempo que te gustar\u00eda.<\/p>\n<p style=\"text-align: justify;\">Estos m\u00f3dulos incluyen asignaturas concretas que enriquecen y completan nuestra formaci\u00f3n de locutor, desde los fundamentos b\u00e1sicos de la locuci\u00f3n, pasando por la interpretaci\u00f3n y acabando en el trabajo de atril, focalizando en cada momento en lo m\u00e1s necesario para avanzar a buen ritmo y siempre con la atenci\u00f3n personalizada de los locutores profesionales que forman parte de nuestro profesorado.<\/p>\n<p style=\"text-align: justify;\">Adem\u00e1s de los 3 m\u00f3dulos dispondremos de otros talleres adicionales que completar\u00e1n la oferta formativa de este primer nivel inicial que se ir\u00e1n ofertando a lo largo del a\u00f1o.<\/p>\n<p style=\"text-align: justify;\">Para la obtenci\u00f3n del\u00a0<b>T\u00edtulo de Locuci\u00f3n EDA de Nivel Inicial<\/b>\u00a0ser\u00e1 necesario:<\/p>\n<ul>\n<li style=\"text-align: justify;\" aria-level=\"1\">completar satisfactoriamente los 3 m\u00f3dulos de forma consecutiva o aplazada<\/li>\n<li style=\"text-align: justify;\" aria-level=\"1\">aprobar la evaluaci\u00f3n de fin de curso de los profesores.<\/li>\n<\/ul>","protected":false},"featured_media":727,"comment_status":"open","ping_status":"closed","template":"","meta":{"_acf_changed":false,"inline_featured_image":false},"product_brand":[],"product_cat":[28],"product_tag":[],"class_list":{"0":"post-722","1":"product","2":"type-product","3":"status-publish","4":"has-post-thumbnail","6":"product_cat-locucion","8":"first","9":"outofstock","10":"sold-individually","11":"taxable","12":"shipping-taxable","13":"purchasable","14":"product-type-variable","15":"has-default-attributes"},"acf":[],"_links":{"self":[{"href":"https:\/\/www.escueladoblajealicante.com\/en\/wp-json\/wp\/v2\/product\/722","targetHints":{"allow":["GET"]}}],"collection":[{"href":"https:\/\/www.escueladoblajealicante.com\/en\/wp-json\/wp\/v2\/product"}],"about":[{"href":"https:\/\/www.escueladoblajealicante.com\/en\/wp-json\/wp\/v2\/types\/product"}],"replies":[{"embeddable":true,"href":"https:\/\/www.escueladoblajealicante.com\/en\/wp-json\/wp\/v2\/comments?post=722"}],"version-history":[{"count":0,"href":"https:\/\/www.escueladoblajealicante.com\/en\/wp-json\/wp\/v2\/product\/722\/revisions"}],"wp:featuredmedia":[{"embeddable":true,"href":"https:\/\/www.escueladoblajealicante.com\/en\/wp-json\/wp\/v2\/media\/727"}],"wp:attachment":[{"href":"https:\/\/www.escueladoblajealicante.com\/en\/wp-json\/wp\/v2\/media?parent=722"}],"wp:term":[{"taxonomy":"product_brand","embeddable":true,"href":"https:\/\/www.escueladoblajealicante.com\/en\/wp-json\/wp\/v2\/product_brand?post=722"},{"taxonomy":"product_cat","embeddable":true,"href":"https:\/\/www.escueladoblajealicante.com\/en\/wp-json\/wp\/v2\/product_cat?post=722"},{"taxonomy":"product_tag","embeddable":true,"href":"https:\/\/www.escueladoblajealicante.com\/en\/wp-json\/wp\/v2\/product_tag?post=722"}],"curies":[{"name":"wp","href":"https:\/\/api.w.org\/{rel}","templated":true}]}}