{"id":18151,"date":"2025-11-03T14:16:45","date_gmt":"2025-11-03T12:16:45","guid":{"rendered":"https:\/\/www.escueladoblajealicante.com\/?post_type=product&#038;p=18151"},"modified":"2026-04-14T09:08:22","modified_gmt":"2026-04-14T07:08:22","slug":"curso-locucion-inicial-modulo-i-febrero-26","status":"publish","type":"product","link":"https:\/\/www.escueladoblajealicante.com\/en\/cursos\/curso-locucion-inicial-modulo-i-febrero-26\/","title":{"rendered":"Curso Locuci\u00f3n Inicial M\u00f3dulo I Marzo 26"},"content":{"rendered":"<p>CONTENIDO DEL M\u00d3DULO I<\/p>\n<p><strong>Clases<\/strong>: 3<br \/>\n<strong>Duraci\u00f3n de la clase<\/strong>: 5h<br \/>\n<strong>Horas del m\u00f3dulo<\/strong>: 15h<br \/>\n<strong>Horario<\/strong>: 9:15-14:30<br \/>\n<strong>Precio<\/strong>: 320\u20ac (Posibilidad de fraccionar el pago en 50% para reserva y 50% antes de la 2\u00aa clase)<br \/>\n<strong>Fechas<\/strong>: 21, 28 de febrero y 7 de marzo de 2026<\/p>\n<p>&nbsp;<\/p>\n<p><strong>Contenido:<\/strong><\/p>\n<p><strong>1.- La voz<\/strong><\/p>\n<ul>\n<li>Principios b\u00e1sicos y elementos de fonaci\u00f3n.<\/li>\n<li>Respiraci\u00f3n diafragma. Intenci\u00f3n tono, volumen colocaci\u00f3n de la voz.<\/li>\n<\/ul>\n<p>Pr\u00e1cticas:<\/p>\n<ul>\n<li>Ejercicios de respiraci\u00f3n. Los patrones correctos de toma y expulsi\u00f3n de aire.<\/li>\n<li>Colocaci\u00f3n frente a micr\u00f3fono y atril.<\/li>\n<li>Pr\u00e1cticas de grito en publicidad.<\/li>\n<li>Vocalizaci\u00f3n y dicci\u00f3n.<\/li>\n<li>Locuci\u00f3n y grabaci\u00f3n de diferentes textos.<\/li>\n<\/ul>\n<p>&nbsp;<\/p>\n<p><strong>2.- Interpretaci\u00f3n<\/strong><\/p>\n<ul>\n<li>Interpretaci\u00f3n vocal, recursos b\u00e1sicos.<\/li>\n<\/ul>\n<p>Pr\u00e1cticas:<\/p>\n<ul>\n<li>T\u00e9cnicas de voz a diferentes prop\u00f3sitos.<\/li>\n<li>Comprensi\u00f3n del texto y eliminaci\u00f3n de malas pr\u00e1cticas.<\/li>\n<li>Pr\u00e1ctica de distancias micr\u00f3fono\/voz y regulaci\u00f3n del volumen.<\/li>\n<li>Estilos de locuci\u00f3n publicitaria: Natural, corporativa, testimonial, suave\u2026<\/li>\n<\/ul>\n<p>&nbsp;<\/p>\n<p><strong>3.-\u00a0Locuci\u00f3n publicitaria.<\/strong><\/p>\n<ul>\n<li>Formatos: Cu\u00f1a, Spot, Microespacio, Cola, Megafon\u00edas.<\/li>\n<li>Duraciones y ajustes de tiempo.<\/li>\n<\/ul>\n<p>Pr\u00e1cticas:<\/p>\n<ul>\n<li style=\"list-style-type: none;\">\n<ul>\n<li>Referencias t\u00e9cnicas en el estudio.<\/li>\n<li>Comprensi\u00f3n de los ajustes t\u00e9cnicos y de volumen para el locutor.<\/li>\n<li>Grabaci\u00f3n de diferentes estilos publicitarios: Narrativo, publicitario, Corporativo, testimonial auto-promoci\u00f3n.<\/li>\n<\/ul>\n<\/li>\n<\/ul>\n<p>&nbsp;<\/p>\n<p><strong>Evaluaci\u00f3n<\/strong>: Evaluaci\u00f3n continua, con atenci\u00f3n personalizada a las caracter\u00edsticas de cada alumno.<\/p>\n<p><strong>Materiales<\/strong>: Lecturas y ejercicios pr\u00e1cticos de voz, cu\u00f1as, anuncios\u2026<\/p>","protected":false},"excerpt":{"rendered":"<p style=\"text-align: justify;\">El nuevo ciclo formativo de locutor de la Escuela de Doblaje de Alicante divide la ense\u00f1anza de la profesi\u00f3n de locutor en\u00a0<b>dos cursos lectivos<\/b>, de los cuales comenzamos ofreciendo el\u00a0<b>T\u00edtulo de Locuci\u00f3n EDA de Nivel Inicial<\/b><b>.<\/b><\/p>\n<p style=\"text-align: justify;\">Los cursos se plantean en forma de 3 m\u00f3dulos que pueden cursarse de forma consecutiva para sacarle el m\u00e1ximo rendimiento o en\u00a0diferentes momentos\u00a0si las circunstancias no te permiten dedicarle todo el tiempo que te gustar\u00eda.<\/p>\n<p style=\"text-align: justify;\">Estos m\u00f3dulos incluyen asignaturas concretas que enriquecen y completan nuestra formaci\u00f3n de locutor, desde los fundamentos b\u00e1sicos de la locuci\u00f3n, pasando por la interpretaci\u00f3n y acabando en el trabajo de atril, focalizando en cada momento en lo m\u00e1s necesario para avanzar a buen ritmo y siempre con la atenci\u00f3n personalizada de los locutores profesionales que forman parte de nuestro profesorado.<\/p>\n<p style=\"text-align: justify;\">Adem\u00e1s de los 3 m\u00f3dulos dispondremos de otros talleres adicionales que completar\u00e1n la oferta formativa de este primer nivel inicial que se ir\u00e1n ofertando a lo largo del a\u00f1o.<\/p>\n<p style=\"text-align: justify;\">Para la obtenci\u00f3n del\u00a0<b>T\u00edtulo de Locuci\u00f3n EDA de Nivel Inicial<\/b>\u00a0ser\u00e1 necesario:<\/p>\n<ul>\n<li style=\"text-align: justify;\" aria-level=\"1\">completar satisfactoriamente los 3 m\u00f3dulos de forma consecutiva o aplazada<\/li>\n<li style=\"text-align: justify;\" aria-level=\"1\">aprobar la evaluaci\u00f3n de fin de curso de los profesores.<\/li>\n<\/ul>","protected":false},"featured_media":727,"comment_status":"open","ping_status":"closed","template":"","meta":{"_acf_changed":false,"inline_featured_image":false},"product_brand":[],"product_cat":[28],"product_tag":[],"class_list":{"0":"post-18151","1":"product","2":"type-product","3":"status-publish","4":"has-post-thumbnail","6":"product_cat-locucion","8":"first","9":"outofstock","10":"sold-individually","11":"taxable","12":"shipping-taxable","13":"purchasable","14":"product-type-variable","15":"has-default-attributes"},"acf":[],"_links":{"self":[{"href":"https:\/\/www.escueladoblajealicante.com\/en\/wp-json\/wp\/v2\/product\/18151","targetHints":{"allow":["GET"]}}],"collection":[{"href":"https:\/\/www.escueladoblajealicante.com\/en\/wp-json\/wp\/v2\/product"}],"about":[{"href":"https:\/\/www.escueladoblajealicante.com\/en\/wp-json\/wp\/v2\/types\/product"}],"replies":[{"embeddable":true,"href":"https:\/\/www.escueladoblajealicante.com\/en\/wp-json\/wp\/v2\/comments?post=18151"}],"version-history":[{"count":6,"href":"https:\/\/www.escueladoblajealicante.com\/en\/wp-json\/wp\/v2\/product\/18151\/revisions"}],"predecessor-version":[{"id":18242,"href":"https:\/\/www.escueladoblajealicante.com\/en\/wp-json\/wp\/v2\/product\/18151\/revisions\/18242"}],"wp:featuredmedia":[{"embeddable":true,"href":"https:\/\/www.escueladoblajealicante.com\/en\/wp-json\/wp\/v2\/media\/727"}],"wp:attachment":[{"href":"https:\/\/www.escueladoblajealicante.com\/en\/wp-json\/wp\/v2\/media?parent=18151"}],"wp:term":[{"taxonomy":"product_brand","embeddable":true,"href":"https:\/\/www.escueladoblajealicante.com\/en\/wp-json\/wp\/v2\/product_brand?post=18151"},{"taxonomy":"product_cat","embeddable":true,"href":"https:\/\/www.escueladoblajealicante.com\/en\/wp-json\/wp\/v2\/product_cat?post=18151"},{"taxonomy":"product_tag","embeddable":true,"href":"https:\/\/www.escueladoblajealicante.com\/en\/wp-json\/wp\/v2\/product_tag?post=18151"}],"curies":[{"name":"wp","href":"https:\/\/api.w.org\/{rel}","templated":true}]}}