{"id":1145,"date":"2024-09-18T15:20:52","date_gmt":"2024-09-18T15:20:52","guid":{"rendered":"https:\/\/sandbox.escueladoblajealicante.com\/?post_type=product&#038;p=1145"},"modified":"2024-10-15T11:23:07","modified_gmt":"2024-10-15T11:23:07","slug":"laboratorio-de-oratoria-oct-24","status":"publish","type":"product","link":"https:\/\/www.escueladoblajealicante.com\/en\/cursos\/laboratorio-de-oratoria-oct-24\/","title":{"rendered":"Laboratorio de Oratoria"},"content":{"rendered":"<h3>TEMARIO<\/h3>\n<p><b>SESI\u00d3N 1<br \/>\n<\/b>Respiraci\u00f3n<br \/>\nT\u00e9cnicas vocales.<\/p>\n<p><b>SESI\u00d3N 2<br \/>\n<\/b>Sacar la voz natural.<br \/>\nExpresi\u00f3n corporal y vocal. Simplemente ser t\u00fa.<\/p>\n<p><b>SESI\u00d3N 3<br \/>\n<\/b>Los Miedos.<\/p>\n<p><b>SESI\u00d3N 4<br \/>\n<\/b>C\u00f3mo construir y estructurar un discurso.<\/p>\n<p><b>SESI\u00d3N 5<br \/>\n<\/b>Improvisaci\u00f3n.<\/p>\n<p><b>SESI\u00d3N 6<br \/>\n<\/b>Ejercicio final. Aplicaci\u00f3n de todo lo aprendido.<\/p>","protected":false},"excerpt":{"rendered":"<p>\u00bfSientes inseguridad al expresarte? \u00bfTe paraliza el miedo a ser juzgada\/o cuando hablas en p\u00fablico? Este Laboratorio de oratoria est\u00e1 dise\u00f1ado para ayudarte a superar esos miedos y que ganes confianza en tu comunicaci\u00f3n, alimentando tu seguridad a la hora de expresar tus emociones y pensamientos.<\/p>\n<p>&nbsp;<\/p>\n<p>Aqu\u00ed, te guiaremos para que descubras tu voz natural y aprendas a expresarte con libertad y autenticidad. No se trata solo de hablar, sino de conectar tus emociones y pensamientos con tu voz, logrando una comunicaci\u00f3n eficaz y aut\u00e9ntica.<\/p>\n<p>&nbsp;<\/p>\n<p>En nuestro laboratorio de oratoria, experimentar\u00e1s c\u00f3mo tu voz se entrelaza con tus emociones. Tomar\u00e1s consciencia de los pensamientos que te bloquean y de c\u00f3mo tu cuerpo responde antes de hablar en p\u00fablico. Aprender\u00e1s a redirigir esos pensamientos limitantes y a liberar tu verdadera voz.<\/p>\n<p>&nbsp;<\/p>\n<p>La manera en que hablamos y nos movemos de forma natural revela qui\u00e9nes somos. Pero incluso una voz impostada puede ser parte de tu naturaleza en ese momento. Aunque intentemos ocultar nuestras emociones, siempre estamos comunicando algo. Cada palabra, cada sonido que emites, refleja tanto qui\u00e9n eres como qui\u00e9n deseas ser.<\/p>\n<p><b>\u00a0<\/b><\/p>\n<p><b>\u00bfQU\u00c9 PUEDES ESPERAR DEL LABORATORIO DE ORATORIA?<\/b><\/p>\n<p>Sesiones Din\u00e1micas y Participativas: Cada d\u00eda te sumergir\u00e1s en ejercicios grupales, combinando introspecci\u00f3n y trabajo personal.<br \/>\nDespu\u00e9s de cada sesi\u00f3n, te llevar\u00e1s ejercicios pr\u00e1cticos para seguir profundizando en casa lo trabajado en la escuela.<\/p>\n<p>El \u00abLaboratorio de Oratoria\u00bb est\u00e1 basado en el autoconocimiento y la observaci\u00f3n, apoy\u00e1ndose en la Programaci\u00f3n Neuroling\u00fc\u00edstica (PNL). Aqu\u00ed no te daremos una lista de pasos a seguir, sino que vivir\u00e1s una experiencia transformadora y de indagaci\u00f3n personal.<\/p>\n<p>&nbsp;<\/p>\n<p>\u00a1Es hora de liberar tu voz y fortalecer tu seguridad! \u00danete a EDA en esta aventura de autodescubrimiento y crecimiento personal.<\/p>","protected":false},"featured_media":1146,"comment_status":"open","ping_status":"closed","template":"","meta":{"_acf_changed":false,"inline_featured_image":false},"product_brand":[],"product_cat":[28],"product_tag":[],"class_list":{"0":"post-1145","1":"product","2":"type-product","3":"status-publish","4":"has-post-thumbnail","6":"product_cat-locucion","8":"first","9":"outofstock","10":"sold-individually","11":"taxable","12":"shipping-taxable","13":"purchasable","14":"product-type-variable"},"acf":[],"_links":{"self":[{"href":"https:\/\/www.escueladoblajealicante.com\/en\/wp-json\/wp\/v2\/product\/1145","targetHints":{"allow":["GET"]}}],"collection":[{"href":"https:\/\/www.escueladoblajealicante.com\/en\/wp-json\/wp\/v2\/product"}],"about":[{"href":"https:\/\/www.escueladoblajealicante.com\/en\/wp-json\/wp\/v2\/types\/product"}],"replies":[{"embeddable":true,"href":"https:\/\/www.escueladoblajealicante.com\/en\/wp-json\/wp\/v2\/comments?post=1145"}],"version-history":[{"count":0,"href":"https:\/\/www.escueladoblajealicante.com\/en\/wp-json\/wp\/v2\/product\/1145\/revisions"}],"wp:featuredmedia":[{"embeddable":true,"href":"https:\/\/www.escueladoblajealicante.com\/en\/wp-json\/wp\/v2\/media\/1146"}],"wp:attachment":[{"href":"https:\/\/www.escueladoblajealicante.com\/en\/wp-json\/wp\/v2\/media?parent=1145"}],"wp:term":[{"taxonomy":"product_brand","embeddable":true,"href":"https:\/\/www.escueladoblajealicante.com\/en\/wp-json\/wp\/v2\/product_brand?post=1145"},{"taxonomy":"product_cat","embeddable":true,"href":"https:\/\/www.escueladoblajealicante.com\/en\/wp-json\/wp\/v2\/product_cat?post=1145"},{"taxonomy":"product_tag","embeddable":true,"href":"https:\/\/www.escueladoblajealicante.com\/en\/wp-json\/wp\/v2\/product_tag?post=1145"}],"curies":[{"name":"wp","href":"https:\/\/api.w.org\/{rel}","templated":true}]}}