{"id":984,"date":"2024-06-14T09:01:35","date_gmt":"2024-06-14T09:01:35","guid":{"rendered":"https:\/\/sandbox.escueladoblajealicante.com\/?page_id=984"},"modified":"2024-06-14T09:10:56","modified_gmt":"2024-06-14T09:10:56","slug":"normas-de-reserva-y-matricula-de-la-escuela","status":"publish","type":"page","link":"https:\/\/www.escueladoblajealicante.com\/en\/normas-de-reserva-y-matricula-de-la-escuela\/","title":{"rendered":"Normas de reserva y matr\u00edcula de la escuela"},"content":{"rendered":"<div data-elementor-type=\"wp-page\" data-elementor-id=\"984\" class=\"elementor elementor-984\">\n\t\t\t\t<div class=\"elementor-element elementor-element-361bebf e-flex e-con-boxed cmsmasters-block-default e-con e-parent\" data-id=\"361bebf\" data-element_type=\"container\" data-e-type=\"container\">\n\t\t\t\t\t<div class=\"e-con-inner\">\n\t\t\t\t<div class=\"elementor-element elementor-element-4bc7cf6 cmsmasters-block-default cmsmasters-sticky-default elementor-widget elementor-widget-spacer\" data-id=\"4bc7cf6\" data-element_type=\"widget\" data-e-type=\"widget\" data-widget_type=\"spacer.default\">\n\t\t\t\t<div class=\"elementor-widget-container\">\n\t\t\t\t\t\t\t<div class=\"elementor-spacer\">\n\t\t\t<div class=\"elementor-spacer-inner\"><\/div>\n\t\t<\/div>\n\t\t\t\t\t\t<\/div>\n\t\t\t\t<\/div>\n\t\t\t\t<div class=\"elementor-element elementor-element-891a8a5 cmsmasters-block-default cmsmasters-sticky-default elementor-widget elementor-widget-heading\" data-id=\"891a8a5\" data-element_type=\"widget\" data-e-type=\"widget\" data-widget_type=\"heading.default\">\n\t\t\t\t<div class=\"elementor-widget-container\">\n\t\t\t\t\t<h1 class=\"elementor-heading-title elementor-size-default\">Normas de reserva y matr\u00edcula de la escuela<\/h1>\t\t\t\t<\/div>\n\t\t\t\t<\/div>\n\t\t\t\t<div class=\"elementor-element elementor-element-afde2ba cmsmasters-block-default cmsmasters-sticky-default elementor-widget elementor-widget-text-editor\" data-id=\"afde2ba\" data-element_type=\"widget\" data-e-type=\"widget\" data-widget_type=\"text-editor.default\">\n\t\t\t\t<div class=\"elementor-widget-container\">\n\t\t\t\t\t\t\t\t\t<ol><li>La plaza para el curso se entender\u00e1 reservada por el alumno en el momento en que realice el pago de la totalidad del importe del curso o el plazo correspondiente. No se aceptar\u00e1n reservas de plazas sin el pago previo.<br \/><br \/><\/li><li>Las plazas ser\u00e1n asignadas en riguroso orden de pago. Una vez completado el aforo, se devolver\u00e1 el pago realizado a aquellos que lo hayan hecho fuera de plazo quedando por lo tanto sin plaza reservada.<\/li><\/ol><ol start=\"3\"><li>Cada curso o taller tendr\u00e1 un n\u00famero m\u00ednimo de alumnos que de no alcanzarse a un mes del inicio del mismo, podr\u00e1 conllevar su cancelaci\u00f3n y la devoluci\u00f3n de las cantidades \u00edntegras abonadas hasta el momento por los alumnos.<\/li><\/ol><ol start=\"4\"><li>Cada curso o taller tendr\u00e1 un n\u00famero de plazas m\u00e1ximas que s\u00f3lo podr\u00e1 ser superado previo consentimiento del profesor y siempre que no menoscabe la calidad del curso.<\/li><\/ol><ol start=\"5\"><li>S\u00f3lo se aceptar\u00e1n cancelaciones anticipadas de plaza si el alumno lo comunica con 1 mes de antelaci\u00f3n al inicio del curso y no hubiera financiado.<\/li><\/ol><ol start=\"7\"><li>En caso de cancelaci\u00f3n anticipada, EDA podr\u00e1 cobrar un 15% del importe del curso en concepto de gastos administrativos que se descontar\u00e1n de la cantidad pagada por el alumno. El resto del importe pagado por el alumno a EDA ser\u00e1 reembolsado a trav\u00e9s de la cuenta que \u00e9ste facilite.<br \/><br \/><\/li><li>En caso de cancelaci\u00f3n una vez iniciado el curso o a menos de 1 mes de su inicio, EDA se reserva el derecho a no devolver cantidad alguna para hacer frente a los gastos que conlleva la contrataci\u00f3n de los profesores durante todo el curso.<\/li><\/ol>\t\t\t\t\t\t\t\t<\/div>\n\t\t\t\t<\/div>\n\t\t\t\t\t<\/div>\n\t\t\t\t<\/div>\n\t\t\t\t<\/div>","protected":false},"excerpt":{"rendered":"<p>Normas de reserva y matr\u00edcula de la escuela La plaza para el curso se entender\u00e1 reservada por el alumno en el momento en que realice el pago de la totalidad&#8230;<\/p>","protected":false},"author":1,"featured_media":0,"parent":0,"menu_order":0,"comment_status":"closed","ping_status":"closed","template":"","meta":{"_acf_changed":false,"inline_featured_image":false,"footnotes":""},"class_list":["post-984","page","type-page","status-publish","hentry"],"acf":[],"_links":{"self":[{"href":"https:\/\/www.escueladoblajealicante.com\/en\/wp-json\/wp\/v2\/pages\/984","targetHints":{"allow":["GET"]}}],"collection":[{"href":"https:\/\/www.escueladoblajealicante.com\/en\/wp-json\/wp\/v2\/pages"}],"about":[{"href":"https:\/\/www.escueladoblajealicante.com\/en\/wp-json\/wp\/v2\/types\/page"}],"author":[{"embeddable":true,"href":"https:\/\/www.escueladoblajealicante.com\/en\/wp-json\/wp\/v2\/users\/1"}],"replies":[{"embeddable":true,"href":"https:\/\/www.escueladoblajealicante.com\/en\/wp-json\/wp\/v2\/comments?post=984"}],"version-history":[{"count":10,"href":"https:\/\/www.escueladoblajealicante.com\/en\/wp-json\/wp\/v2\/pages\/984\/revisions"}],"predecessor-version":[{"id":1000,"href":"https:\/\/www.escueladoblajealicante.com\/en\/wp-json\/wp\/v2\/pages\/984\/revisions\/1000"}],"wp:attachment":[{"href":"https:\/\/www.escueladoblajealicante.com\/en\/wp-json\/wp\/v2\/media?parent=984"}],"curies":[{"name":"wp","href":"https:\/\/api.w.org\/{rel}","templated":true}]}}